{"id":1180,"date":"2025-02-03T23:12:52","date_gmt":"2025-02-03T23:12:52","guid":{"rendered":"https:\/\/hiking4understanding.org\/?page_id=1180"},"modified":"2025-02-03T23:16:24","modified_gmt":"2025-02-03T23:16:24","slug":"network-members-srb","status":"publish","type":"page","link":"https:\/\/hiking4understanding.org\/?page_id=1180&lang=sr","title":{"rendered":"Network Members &#8211; SRB"},"content":{"rendered":"<p>[et_pb_section fb_built=&#8221;1&#8243; _builder_version=&#8221;4.27.0&#8243; _module_preset=&#8221;default&#8221; use_background_color_gradient=&#8221;on&#8221; background_color_gradient_type=&#8221;circular&#8221; background_color_gradient_stops=&#8221;rgba(19,38,47,0.7) 22%|rgba(19,38,47,0.67) 63%&#8221; background_color_gradient_overlays_image=&#8221;on&#8221; background_image=&#8221;https:\/\/hiking4understanding.org\/wp-content\/uploads\/2024\/08\/H4U-2.png&#8221; custom_margin=&#8221;-80px||||false|false&#8221; global_colors_info=&#8221;{}&#8221;][et_pb_row _builder_version=&#8221;4.27.0&#8243; _module_preset=&#8221;default&#8221; max_width=&#8221;1920px&#8221; custom_padding=&#8221;150px||||false|false&#8221; global_colors_info=&#8221;{}&#8221;][et_pb_column type=&#8221;4_4&#8243; _builder_version=&#8221;4.24.0&#8243; _module_preset=&#8221;default&#8221; global_colors_info=&#8221;{}&#8221;][et_pb_heading title=&#8221;\u010clanovi mre\u017ee&#8221; _builder_version=&#8221;4.27.0&#8243; _module_preset=&#8221;default&#8221; title_font=&#8221;Carme|700|||||||&#8221; title_text_align=&#8221;center&#8221; title_text_color=&#8221;#F9F9F9&#8243; title_font_size=&#8221;50px&#8221; global_colors_info=&#8221;{}&#8221;][\/et_pb_heading][et_pb_text _builder_version=&#8221;4.27.0&#8243; _module_preset=&#8221;default&#8221; text_font=&#8221;Carme||||||||&#8221; text_text_color=&#8221;#F9F9F9&#8243; text_font_size=&#8221;18px&#8221; text_orientation=&#8221;center&#8221; custom_padding=&#8221;|250px||250px|false|true&#8221; hover_enabled=&#8221;0&#8243; global_colors_info=&#8221;{}&#8221; sticky_enabled=&#8221;0&#8243;]<\/p>\n<p>Evo liste \u010dlanova na\u0161e mre\u017ee i kratkog opisa njihovog dosada\u0161njeg rada!<\/p>\n<p>[\/et_pb_text][\/et_pb_column][\/et_pb_row][\/et_pb_section][et_pb_section fb_built=&#8221;1&#8243; _builder_version=&#8221;4.27.0&#8243; _module_preset=&#8221;default&#8221; custom_css_main_element=&#8221;p {||  text-align: justify;||}&#8221; global_colors_info=&#8221;{}&#8221;][et_pb_row column_structure=&#8221;1_2,1_2&#8243; make_equal=&#8221;on&#8221; _builder_version=&#8221;4.24.0&#8243; _module_preset=&#8221;default&#8221; global_colors_info=&#8221;{}&#8221;][et_pb_column type=&#8221;1_2&#8243; _builder_version=&#8221;4.24.0&#8243; _module_preset=&#8221;default&#8221; global_colors_info=&#8221;{}&#8221;][et_pb_image src=&#8221;https:\/\/hiking4understanding.org\/wp-content\/uploads\/2024\/07\/connect-logo.png&#8221; title_text=&#8221;connect-logo&#8221; url=&#8221;https:\/\/www.connect-international.org\/about\/%20&#8243; url_new_window=&#8221;on&#8221; _builder_version=&#8221;4.27.0&#8243; _module_preset=&#8221;default&#8221; transform_scale=&#8221;80%|80%&#8221; transform_scale_last_edited=&#8221;off|desktop&#8221; transform_translate_last_edited=&#8221;off|desktop&#8221; transform_rotate_last_edited=&#8221;off|desktop&#8221; transform_skew_last_edited=&#8221;off|desktop&#8221; transform_origin_last_edited=&#8221;off|desktop&#8221; transform_styles_last_edited=&#8221;off|desktop&#8221; global_colors_info=&#8221;{}&#8221; transform_styles__hover_enabled=&#8221;on|hover&#8221; transform_scale__hover_enabled=&#8221;on|hover&#8221; transform_translate__hover_enabled=&#8221;on|desktop&#8221; transform_rotate__hover_enabled=&#8221;on|desktop&#8221; transform_skew__hover_enabled=&#8221;on|desktop&#8221; transform_origin__hover_enabled=&#8221;on|desktop&#8221; transform_scale__hover=&#8221;85%|85%&#8221;][\/et_pb_image][\/et_pb_column][et_pb_column type=&#8221;1_2&#8243; _builder_version=&#8221;4.24.0&#8243; _module_preset=&#8221;default&#8221; global_colors_info=&#8221;{}&#8221;][et_pb_heading title=&#8221;Connect International&#8221; _builder_version=&#8221;4.27.0&#8243; _module_preset=&#8221;default&#8221; title_font=&#8221;Carme|700|||||||&#8221; title_text_align=&#8221;left&#8221; title_text_color=&#8221;#13262F&#8221; title_font_size=&#8221;35px&#8221; global_colors_info=&#8221;{}&#8221;][\/et_pb_heading][et_pb_text _builder_version=&#8221;4.24.0&#8243; _module_preset=&#8221;default&#8221; text_font=&#8221;Carme||||||||&#8221; text_font_size=&#8221;18px&#8221; global_colors_info=&#8221;{}&#8221;]<\/p>\n<p>Me\u0111unarodna mre\u017ea sa sedi\u0161tem u Briselu, Connect se fokusira na digitalna prava i programe. Oni nagla\u0161avaju demokratske vrednosti, ljudska prava i pristup internetu, podr\u017eavaju\u0107i inovativne prakse i razvoj IKT me\u0111u mladima.<\/p>\n<p>[\/et_pb_text][\/et_pb_column][\/et_pb_row][et_pb_row _builder_version=&#8221;4.24.0&#8243; _module_preset=&#8221;default&#8221; custom_padding=&#8221;36px||0px||false|false&#8221; global_colors_info=&#8221;{}&#8221;][et_pb_column type=&#8221;4_4&#8243; _builder_version=&#8221;4.24.0&#8243; _module_preset=&#8221;default&#8221; global_colors_info=&#8221;{}&#8221;][et_pb_divider color=&#8221;#B7CE63&#8243; _builder_version=&#8221;4.27.0&#8243; _module_preset=&#8221;default&#8221; width=&#8221;90%&#8221; module_alignment=&#8221;center&#8221; global_colors_info=&#8221;{}&#8221;][\/et_pb_divider][\/et_pb_column][\/et_pb_row][et_pb_row column_structure=&#8221;1_2,1_2&#8243; make_equal=&#8221;on&#8221; _builder_version=&#8221;4.24.0&#8243; _module_preset=&#8221;default&#8221; global_colors_info=&#8221;{}&#8221;][et_pb_column type=&#8221;1_2&#8243; _builder_version=&#8221;4.24.0&#8243; _module_preset=&#8221;default&#8221; global_colors_info=&#8221;{}&#8221;][et_pb_image src=&#8221;https:\/\/hiking4understanding.org\/wp-content\/uploads\/2024\/09\/Straz.png&#8221; title_text=&#8221;Straz&#8221; url=&#8221;https:\/\/www.facebook.com\/psdstrazilovo\/?locale=sr_RS&#8221; align=&#8221;center&#8221; _builder_version=&#8221;4.27.0&#8243; _module_preset=&#8221;default&#8221; global_colors_info=&#8221;{}&#8221; transform_styles__hover_enabled=&#8221;on|hover&#8221; transform_scale__hover_enabled=&#8221;on|hover&#8221; transform_translate__hover_enabled=&#8221;on|desktop&#8221; transform_rotate__hover_enabled=&#8221;on|desktop&#8221; transform_skew__hover_enabled=&#8221;on|desktop&#8221; transform_origin__hover_enabled=&#8221;on|desktop&#8221; transform_scale__hover=&#8221;105%|105%&#8221;][\/et_pb_image][\/et_pb_column][et_pb_column type=&#8221;1_2&#8243; _builder_version=&#8221;4.24.0&#8243; _module_preset=&#8221;default&#8221; global_colors_info=&#8221;{}&#8221;][et_pb_heading title=&#8221;PSD Stra\u017eilovo&#8221; _builder_version=&#8221;4.27.0&#8243; _module_preset=&#8221;default&#8221; title_font=&#8221;Carme|700|||||||&#8221; title_text_align=&#8221;left&#8221; title_text_color=&#8221;#13262F&#8221; title_font_size=&#8221;35px&#8221; global_colors_info=&#8221;{}&#8221;][\/et_pb_heading][et_pb_text _builder_version=&#8221;4.27.0&#8243; _module_preset=&#8221;default&#8221; text_font=&#8221;Carme||||||||&#8221; text_font_size=&#8221;18px&#8221; global_colors_info=&#8221;{}&#8221;]<\/p>\n<p>Planinarsko-skija\u0161ki klub \u201eStra\u017eilovo\u201c iz Sremskih Karlovaca osnovan je 1924. godine. Ve\u0107 gotovo jedan vek promovi\u0161e prirodu, aktivan na\u010din \u017eivota i ekolo\u0161ku svest. Od Fru\u0161ke gore do Himalaja \u2013 penjali smo se, gradili i obnavljali. Danas imamo 53 aktivna \u010dlana, ujedinjena stra\u0161\u0107u prema planinama i avanturi.<\/p>\n<p>[\/et_pb_text][\/et_pb_column][\/et_pb_row][et_pb_row _builder_version=&#8221;4.24.0&#8243; _module_preset=&#8221;default&#8221; custom_padding=&#8221;36px||0px||false|false&#8221; global_colors_info=&#8221;{}&#8221;][et_pb_column type=&#8221;4_4&#8243; _builder_version=&#8221;4.24.0&#8243; _module_preset=&#8221;default&#8221; global_colors_info=&#8221;{}&#8221;][et_pb_divider color=&#8221;#B7CE63&#8243; _builder_version=&#8221;4.27.0&#8243; _module_preset=&#8221;default&#8221; width=&#8221;90%&#8221; module_alignment=&#8221;center&#8221; global_colors_info=&#8221;{}&#8221;][\/et_pb_divider][\/et_pb_column][\/et_pb_row][et_pb_row column_structure=&#8221;1_2,1_2&#8243; make_equal=&#8221;on&#8221; _builder_version=&#8221;4.24.0&#8243; _module_preset=&#8221;default&#8221; global_colors_info=&#8221;{}&#8221;][et_pb_column type=&#8221;1_2&#8243; _builder_version=&#8221;4.24.0&#8243; _module_preset=&#8221;default&#8221; global_colors_info=&#8221;{}&#8221;][et_pb_image src=&#8221;https:\/\/hiking4understanding.org\/wp-content\/uploads\/2024\/09\/Eco.png&#8221; title_text=&#8221;Eco&#8221; url=&#8221;https:\/\/ecologic.mk\/&#8221; align=&#8221;center&#8221; _builder_version=&#8221;4.27.0&#8243; _module_preset=&#8221;default&#8221; global_colors_info=&#8221;{}&#8221; transform_styles__hover_enabled=&#8221;on|hover&#8221; transform_scale__hover_enabled=&#8221;on|hover&#8221; transform_translate__hover_enabled=&#8221;on|desktop&#8221; transform_rotate__hover_enabled=&#8221;on|desktop&#8221; transform_skew__hover_enabled=&#8221;on|desktop&#8221; transform_origin__hover_enabled=&#8221;on|desktop&#8221; transform_scale__hover=&#8221;105%|105%&#8221;][\/et_pb_image][\/et_pb_column][et_pb_column type=&#8221;1_2&#8243; _builder_version=&#8221;4.24.0&#8243; _module_preset=&#8221;default&#8221; global_colors_info=&#8221;{}&#8221;][et_pb_heading title=&#8221;Eco Logic&#8221; _builder_version=&#8221;4.27.0&#8243; _module_preset=&#8221;default&#8221; title_font=&#8221;Carme|700|||||||&#8221; title_text_align=&#8221;left&#8221; title_text_color=&#8221;#13262F&#8221; title_font_size=&#8221;35px&#8221; global_colors_info=&#8221;{}&#8221; title__hover_enabled=&#8221;off|desktop&#8221;][\/et_pb_heading][et_pb_text _builder_version=&#8221;4.27.0&#8243; _module_preset=&#8221;default&#8221; text_font=&#8221;Carme||||||||&#8221; text_font_size=&#8221;18px&#8221; global_colors_info=&#8221;{}&#8221;]<\/p>\n<p>Udru\u017eenje za za\u0161titu \u017eivotne sredine i promociju odr\u017eivog razvoja osnovano 2011. godine. Sa sedi\u0161tem u Skoplju, Eco Logic je posve\u0107en podizanju ekolo\u0161ke svesti, promociji zelenih inovacija i uklju\u010divanju zajednice u aktivnosti borbe protiv klimatskih promena. Programi obuhvataju edukativne radionice, projekte odr\u017eivog urbanog razvoja i inicijative za unapre\u0111enje \u017eivotne sredine, s posebnim fokusom na za\u0161titu biodiverziteta i cirkularnu ekonomiju.<\/p>\n<p>[\/et_pb_text][\/et_pb_column][\/et_pb_row][et_pb_row _builder_version=&#8221;4.24.0&#8243; _module_preset=&#8221;default&#8221; custom_padding=&#8221;36px||0px||false|false&#8221; global_colors_info=&#8221;{}&#8221;][et_pb_column type=&#8221;4_4&#8243; _builder_version=&#8221;4.24.0&#8243; _module_preset=&#8221;default&#8221; global_colors_info=&#8221;{}&#8221;][et_pb_divider color=&#8221;#B7CE63&#8243; _builder_version=&#8221;4.27.0&#8243; _module_preset=&#8221;default&#8221; width=&#8221;90%&#8221; module_alignment=&#8221;center&#8221; global_colors_info=&#8221;{}&#8221;][\/et_pb_divider][\/et_pb_column][\/et_pb_row][et_pb_row column_structure=&#8221;1_2,1_2&#8243; make_equal=&#8221;on&#8221; _builder_version=&#8221;4.24.0&#8243; _module_preset=&#8221;default&#8221; global_colors_info=&#8221;{}&#8221;][et_pb_column type=&#8221;1_2&#8243; _builder_version=&#8221;4.24.0&#8243; _module_preset=&#8221;default&#8221; global_colors_info=&#8221;{}&#8221;][et_pb_image src=&#8221;https:\/\/hiking4understanding.org\/wp-content\/uploads\/2024\/09\/Untitled-design-3.png&#8221; title_text=&#8221;Untitled design (3)&#8221; url=&#8221;https:\/\/camping.rs\/&#8221; _builder_version=&#8221;4.27.0&#8243; _module_preset=&#8221;default&#8221; transform_scale=&#8221;85%|85%&#8221; width=&#8221;60%&#8221; module_alignment=&#8221;center&#8221; global_colors_info=&#8221;{}&#8221; transform_styles__hover_enabled=&#8221;on|hover&#8221; transform_scale__hover_enabled=&#8221;on|hover&#8221; transform_translate__hover_enabled=&#8221;on|desktop&#8221; transform_rotate__hover_enabled=&#8221;on|desktop&#8221; transform_skew__hover_enabled=&#8221;on|desktop&#8221; transform_origin__hover_enabled=&#8221;on|desktop&#8221; transform_scale__hover=&#8221;90%|90%&#8221;][\/et_pb_image][\/et_pb_column][et_pb_column type=&#8221;1_2&#8243; _builder_version=&#8221;4.24.0&#8243; _module_preset=&#8221;default&#8221; global_colors_info=&#8221;{}&#8221;][et_pb_heading title=&#8221;Kamping asocijacija Srbije&#8221; _builder_version=&#8221;4.27.0&#8243; _module_preset=&#8221;default&#8221; title_font=&#8221;Carme|700|||||||&#8221; title_text_align=&#8221;left&#8221; title_text_color=&#8221;#13262F&#8221; title_font_size=&#8221;35px&#8221; global_colors_info=&#8221;{}&#8221;][\/et_pb_heading][et_pb_text _builder_version=&#8221;4.27.0&#8243; _module_preset=&#8221;default&#8221; text_font=&#8221;Carme||||||||&#8221; text_font_size=&#8221;18px&#8221; global_colors_info=&#8221;{}&#8221;]<\/p>\n<p>Kamping asocijacija Srbije promovi\u0161e kampovanje kao na\u010din \u017eivota i turizam u skladu s prirodom. Podr\u017eava nove i postoje\u0107e kampove, razvija ruralno i tranzitno kampovanje, integri\u0161e srpske kampove u globalne sisteme rezervacija i poma\u017ee preduzetnicima. Kroz standarde, edukaciju i brendiranje podsti\u010de odr\u017eivi turizam i lokalni razvoj.<\/p>\n<p>[\/et_pb_text][\/et_pb_column][\/et_pb_row][\/et_pb_section]<\/p>\n","protected":false},"excerpt":{"rendered":"<p>Evo liste \u010dlanova na\u0161e mre\u017ee i kratkog opisa njihovog dosada\u0161njeg rada!Me\u0111unarodna mre\u017ea sa sedi\u0161tem u Briselu, Connect se fokusira na digitalna prava i programe. Oni nagla\u0161avaju demokratske vrednosti, ljudska prava i pristup internetu, podr\u017eavaju\u0107i inovativne prakse i razvoj IKT me\u0111u mladima.Planinarsko-skija\u0161ki klub \u201eStra\u017eilovo\u201c iz Sremskih Karlovaca osnovan je 1924. godine. Ve\u0107 gotovo jedan vek promovi\u0161e [&hellip;]<\/p>\n","protected":false},"author":3,"featured_media":0,"parent":0,"menu_order":0,"comment_status":"closed","ping_status":"closed","template":"","meta":{"_et_pb_use_builder":"on","_et_pb_old_content":"","_et_gb_content_width":"","footnotes":""},"class_list":["post-1180","page","type-page","status-publish","hentry"],"_links":{"self":[{"href":"https:\/\/hiking4understanding.org\/index.php?rest_route=\/wp\/v2\/pages\/1180","targetHints":{"allow":["GET"]}}],"collection":[{"href":"https:\/\/hiking4understanding.org\/index.php?rest_route=\/wp\/v2\/pages"}],"about":[{"href":"https:\/\/hiking4understanding.org\/index.php?rest_route=\/wp\/v2\/types\/page"}],"author":[{"embeddable":true,"href":"https:\/\/hiking4understanding.org\/index.php?rest_route=\/wp\/v2\/users\/3"}],"replies":[{"embeddable":true,"href":"https:\/\/hiking4understanding.org\/index.php?rest_route=%2Fwp%2Fv2%2Fcomments&post=1180"}],"version-history":[{"count":3,"href":"https:\/\/hiking4understanding.org\/index.php?rest_route=\/wp\/v2\/pages\/1180\/revisions"}],"predecessor-version":[{"id":1184,"href":"https:\/\/hiking4understanding.org\/index.php?rest_route=\/wp\/v2\/pages\/1180\/revisions\/1184"}],"wp:attachment":[{"href":"https:\/\/hiking4understanding.org\/index.php?rest_route=%2Fwp%2Fv2%2Fmedia&parent=1180"}],"curies":[{"name":"wp","href":"https:\/\/api.w.org\/{rel}","templated":true}]}}